{"id":14917,"date":"2023-02-28T09:31:43","date_gmt":"2023-02-28T14:31:43","guid":{"rendered":"https:\/\/itsallaboutlocation.com.mx\/?post_type=property&#038;p=14917"},"modified":"2025-06-30T11:54:24","modified_gmt":"2025-06-30T16:54:24","slug":"central-park-ii","status":"publish","type":"property","link":"https:\/\/itsallaboutlocation.com.mx\/en_en\/property\/central-park-ii\/","title":{"rendered":"MARAVILLOS DEPARTAMENTOS EN EL CORZON DE PLYA DEL CARMEN"},"content":{"rendered":"<p>En el coraz\u00f3n de Playa del Carmen se encuentra Central Park II, disfruta lo que el Caribe tiene para ofrecerte con estilo. Playa del Carmen es un refugio para los amantes del buen vivir, que disfrutan de la suave brisa marina, encuentros inolvidables y d\u00edas m\u00e1gicos que resumen la verdadera esencia de la ciudad.<br>C\u00e9ntrico y vers\u00e1til, dise\u00f1ado para quienes disfrutan al m\u00e1ximo de la ciudad. Residencia para personas inolvidables y conocedoras, que disfrutan de una alta calidad de vida. Combina estilo y funcionalidad, acabados sofisticados, espacios amplios y ventanales pl\u00e1cidos. Comodidad, elegancia, buen gusto y gran atenci\u00f3n al detalle hacen de Central Park II una emocionante opci\u00f3n de inversi\u00f3n en Playa del Carmen.<br>Ubicaci\u00f3n: Calle 26 entre avenidas 10 y 15, Playa del Carmen, Quintana Roo.<br>mod cons<br>\u2022 Excelente ubicaci\u00f3n<br>\u2022 Azotea con piscina infinita<br>\u2022 Estacionamiento subterraneo<br>\u2022 Lavadero<br>\u2022 Comercio<br>\u2022 Ascensor<br>\u2022 GIMNASIA<br>\u2022 Vest\u00edbulo<br>interiores<br>El dise\u00f1o minimalista y los lujosos acabados invitan a hu\u00e9spedes y propietarios a descubrir los secretos del Caribe viviendo experiencias memorables en un entorno elegante y sencillo.<br>Typologies<br>Estudio desde 48,71 m2<br>1 dormitorio desde 66,65 m2<\/p>","protected":false},"excerpt":{"rendered":"<p>En el coraz\u00f3n de Playa del Carmen se encuentra Central Park II, disfruta lo que el Caribe tiene para ofrecerte con estilo. Playa del Carmen es un refugio para los amantes del buen vivir, que disfrutan de la suave brisa marina, encuentros inolvidables y d\u00edas m\u00e1gicos que resumen la verdadera esencia de la ciudad.C\u00e9ntrico y&#8230;<\/p>","protected":false},"author":2,"featured_media":14928,"parent":0,"menu_order":0,"comment_status":"closed","ping_status":"closed","template":"","property-features":[],"property-types":[63],"property-cities":[59],"property-statuses":[28],"class_list":["post-14917","property","type-property","status-publish","has-post-thumbnail","hentry","property-type-aparments","property-city-playa-del-carmen","property-status-for-sale"],"property_meta":{"REAL_HOMES_property_price":"185000","REAL_HOMES_property_old_price":"","REAL_HOMES_property_price_prefix":"DLLS","REAL_HOMES_property_price_postfix":"","REAL_HOMES_property_size":"48.71","REAL_HOMES_property_size_postfix":"MTS","REAL_HOMES_property_lot_size":"","REAL_HOMES_property_lot_size_postfix":"","REAL_HOMES_property_bedrooms":"1","REAL_HOMES_property_bathrooms":"1","REAL_HOMES_property_garage":"","REAL_HOMES_property_id":"58","REAL_HOMES_property_year_built":"","REAL_HOMES_featured":"0","REAL_HOMES_additional_details_list":[],"REAL_HOMES_property_location":{"latitude":"20.632410235286","longitude":"-87.070869992084","zoom":"16"},"REAL_HOMES_property_address":"Playa del Carmen, Solidaridad, Quintana Roo, M\u00e9xico","REAL_HOMES_property_map":"0","REAL_HOMES_property_images":[{"width":150,"height":150,"file":"2023\/02\/1.-Fachada-dia.jpg","filesize":220625,"sizes":{"medium":{"file":"1.-Fachada-dia-300x300.jpg","width":300,"height":300,"mime-type":"image\/jpeg","filesize":23099,"url":"https:\/\/itsallaboutlocation.com.mx\/wp-content\/uploads\/2023\/02\/1.-Fachada-dia-300x300.jpg"},"large":{"file":"1.-Fachada-dia-1024x1024.jpg","width":1024,"height":1024,"mime-type":"image\/jpeg","filesize":191515,"url":"https:\/\/itsallaboutlocation.com.mx\/wp-content\/uploads\/2023\/02\/1.-Fachada-dia-1024x1024.jpg"},"thumbnail":{"file":"1.-Fachada-dia-150x150.jpg","width":150,"height":150,"mime-type":"image\/jpeg","filesize":7304,"url":"https:\/\/itsallaboutlocation.com.mx\/wp-content\/uploads\/2023\/02\/1.-Fachada-dia-150x150.jpg"},"medium_large":{"file":"1.-Fachada-dia-768x768.jpg","width":768,"height":768,"mime-type":"image\/jpeg","filesize":117101,"url":"https:\/\/itsallaboutlocation.com.mx\/wp-content\/uploads\/2023\/02\/1.-Fachada-dia-768x768.jpg"},"trp-custom-language-flag":{"file":"1.-Fachada-dia-12x12.jpg","width":12,"height":12,"mime-type":"image\/jpeg","filesize":786,"url":"https:\/\/itsallaboutlocation.com.mx\/wp-content\/uploads\/2023\/02\/1.-Fachada-dia-12x12.jpg"},"post-thumbnail":{"file":"1.-Fachada-dia-150x150.jpg","width":150,"height":150,"mime-type":"image\/jpeg","filesize":7304,"url":"https:\/\/itsallaboutlocation.com.mx\/wp-content\/uploads\/2023\/02\/1.-Fachada-dia-150x150.jpg"},"modern-property-child-slider":{"file":"1.-Fachada-dia-680x510.jpg","width":680,"height":510,"mime-type":"image\/jpeg","filesize":79426,"url":"https:\/\/itsallaboutlocation.com.mx\/wp-content\/uploads\/2023\/02\/1.-Fachada-dia-680x510.jpg"},"property-thumb-image":{"file":"1.-Fachada-dia-488x326.jpg","width":488,"height":326,"mime-type":"image\/jpeg","filesize":40379,"url":"https:\/\/itsallaboutlocation.com.mx\/wp-content\/uploads\/2023\/02\/1.-Fachada-dia-488x326.jpg"},"property-detail-video-image":{"file":"1.-Fachada-dia-818x417.jpg","width":818,"height":417,"mime-type":"image\/jpeg","filesize":77796,"url":"https:\/\/itsallaboutlocation.com.mx\/wp-content\/uploads\/2023\/02\/1.-Fachada-dia-818x417.jpg"},"agent-image":{"file":"1.-Fachada-dia-210x210.jpg","width":210,"height":210,"mime-type":"image\/jpeg","filesize":12832,"url":"https:\/\/itsallaboutlocation.com.mx\/wp-content\/uploads\/2023\/02\/1.-Fachada-dia-210x210.jpg"},"partners-logo":{"file":"1.-Fachada-dia-600x1058.jpg","width":600,"height":1058,"mime-type":"image\/jpeg","filesize":127827,"url":"https:\/\/itsallaboutlocation.com.mx\/wp-content\/uploads\/2023\/02\/1.-Fachada-dia-600x1058.jpg"},"post-featured-image":{"file":"1.-Fachada-dia-1058x720.jpg","width":1058,"height":720,"mime-type":"image\/jpeg","filesize":180536,"url":"https:\/\/itsallaboutlocation.com.mx\/wp-content\/uploads\/2023\/02\/1.-Fachada-dia-1058x720.jpg"}},"image_meta":{"aperture":"0","credit":"","camera":"","caption":"","created_timestamp":"1666030804","copyright":"","focal_length":"0","iso":"0","shutter_speed":"0","title":"","orientation":"1","keywords":[]},"ID":"14928","name":"1.-Fachada-dia.jpg","path":"\/home\/itsalla1\/public_html\/wp-content\/uploads\/2023\/02\/1.-Fachada-dia.jpg","url":"https:\/\/itsallaboutlocation.com.mx\/wp-content\/uploads\/2023\/02\/1.-Fachada-dia-150x150.jpg","full_url":"https:\/\/itsallaboutlocation.com.mx\/wp-content\/uploads\/2023\/02\/1.-Fachada-dia.jpg","title":"1. Fachada d\u00eda","caption":"","description":"","alt":"","srcset":"https:\/\/itsallaboutlocation.com.mx\/wp-content\/uploads\/2023\/02\/1.-Fachada-dia-150x150.jpg 150w, https:\/\/itsallaboutlocation.com.mx\/wp-content\/uploads\/2023\/02\/1.-Fachada-dia-300x300.jpg 300w, https:\/\/itsallaboutlocation.com.mx\/wp-content\/uploads\/2023\/02\/1.-Fachada-dia-1024x1024.jpg 1024w, https:\/\/itsallaboutlocation.com.mx\/wp-content\/uploads\/2023\/02\/1.-Fachada-dia-768x768.jpg 768w, https:\/\/itsallaboutlocation.com.mx\/wp-content\/uploads\/2023\/02\/1.-Fachada-dia-12x12.jpg 12w, https:\/\/itsallaboutlocation.com.mx\/wp-content\/uploads\/2023\/02\/1.-Fachada-dia-210x210.jpg 210w, https:\/\/itsallaboutlocation.com.mx\/wp-content\/uploads\/2023\/02\/1.-Fachada-dia.jpg 1058w"},{"width":150,"height":150,"file":"2023\/02\/11.-Fachada-atardecer-Central-Park_.jpg","filesize":322844,"sizes":{"medium":{"file":"11.-Fachada-atardecer-Central-Park_-300x300.jpg","width":300,"height":300,"mime-type":"image\/jpeg","filesize":22348,"url":"https:\/\/itsallaboutlocation.com.mx\/wp-content\/uploads\/2023\/02\/11.-Fachada-atardecer-Central-Park_-300x300.jpg"},"large":{"file":"11.-Fachada-atardecer-Central-Park_-1024x1024.jpg","width":1024,"height":1024,"mime-type":"image\/jpeg","filesize":186010,"url":"https:\/\/itsallaboutlocation.com.mx\/wp-content\/uploads\/2023\/02\/11.-Fachada-atardecer-Central-Park_-1024x1024.jpg"},"thumbnail":{"file":"11.-Fachada-atardecer-Central-Park_-150x150.jpg","width":150,"height":150,"mime-type":"image\/jpeg","filesize":7198,"url":"https:\/\/itsallaboutlocation.com.mx\/wp-content\/uploads\/2023\/02\/11.-Fachada-atardecer-Central-Park_-150x150.jpg"},"medium_large":{"file":"11.-Fachada-atardecer-Central-Park_-768x768.jpg","width":768,"height":768,"mime-type":"image\/jpeg","filesize":113118,"url":"https:\/\/itsallaboutlocation.com.mx\/wp-content\/uploads\/2023\/02\/11.-Fachada-atardecer-Central-Park_-768x768.jpg"},"trp-custom-language-flag":{"file":"11.-Fachada-atardecer-Central-Park_-12x12.jpg","width":12,"height":12,"mime-type":"image\/jpeg","filesize":785,"url":"https:\/\/itsallaboutlocation.com.mx\/wp-content\/uploads\/2023\/02\/11.-Fachada-atardecer-Central-Park_-12x12.jpg"},"post-thumbnail":{"file":"11.-Fachada-atardecer-Central-Park_-150x150.jpg","width":150,"height":150,"mime-type":"image\/jpeg","filesize":7198,"url":"https:\/\/itsallaboutlocation.com.mx\/wp-content\/uploads\/2023\/02\/11.-Fachada-atardecer-Central-Park_-150x150.jpg"},"modern-property-child-slider":{"file":"11.-Fachada-atardecer-Central-Park_-680x510.jpg","width":680,"height":510,"mime-type":"image\/jpeg","filesize":78068,"url":"https:\/\/itsallaboutlocation.com.mx\/wp-content\/uploads\/2023\/02\/11.-Fachada-atardecer-Central-Park_-680x510.jpg"},"property-thumb-image":{"file":"11.-Fachada-atardecer-Central-Park_-488x326.jpg","width":488,"height":326,"mime-type":"image\/jpeg","filesize":40653,"url":"https:\/\/itsallaboutlocation.com.mx\/wp-content\/uploads\/2023\/02\/11.-Fachada-atardecer-Central-Park_-488x326.jpg"},"property-detail-video-image":{"file":"11.-Fachada-atardecer-Central-Park_-818x417.jpg","width":818,"height":417,"mime-type":"image\/jpeg","filesize":78157,"url":"https:\/\/itsallaboutlocation.com.mx\/wp-content\/uploads\/2023\/02\/11.-Fachada-atardecer-Central-Park_-818x417.jpg"},"agent-image":{"file":"11.-Fachada-atardecer-Central-Park_-210x210.jpg","width":210,"height":210,"mime-type":"image\/jpeg","filesize":12508,"url":"https:\/\/itsallaboutlocation.com.mx\/wp-content\/uploads\/2023\/02\/11.-Fachada-atardecer-Central-Park_-210x210.jpg"},"partners-logo":{"file":"11.-Fachada-atardecer-Central-Park_-600x1361.jpg","width":600,"height":1361,"mime-type":"image\/jpeg","filesize":157407,"url":"https:\/\/itsallaboutlocation.com.mx\/wp-content\/uploads\/2023\/02\/11.-Fachada-atardecer-Central-Park_-600x1361.jpg"},"post-featured-image":{"file":"11.-Fachada-atardecer-Central-Park_-1240x720.jpg","width":1240,"height":720,"mime-type":"image\/jpeg","filesize":176975,"url":"https:\/\/itsallaboutlocation.com.mx\/wp-content\/uploads\/2023\/02\/11.-Fachada-atardecer-Central-Park_-1240x720.jpg"}},"image_meta":{"aperture":"0","credit":"","camera":"","caption":"","created_timestamp":"1666038109","copyright":"","focal_length":"0","iso":"0","shutter_speed":"0","title":"","orientation":"1","keywords":[]},"ID":"14925","name":"11.-Fachada-atardecer-Central-Park_.jpg","path":"\/home\/itsalla1\/public_html\/wp-content\/uploads\/2023\/02\/11.-Fachada-atardecer-Central-Park_.jpg","url":"https:\/\/itsallaboutlocation.com.mx\/wp-content\/uploads\/2023\/02\/11.-Fachada-atardecer-Central-Park_-150x150.jpg","full_url":"https:\/\/itsallaboutlocation.com.mx\/wp-content\/uploads\/2023\/02\/11.-Fachada-atardecer-Central-Park_.jpg","title":"11. Fachada atardecer Central Park_","caption":"","description":"","alt":"","srcset":"https:\/\/itsallaboutlocation.com.mx\/wp-content\/uploads\/2023\/02\/11.-Fachada-atardecer-Central-Park_-150x150.jpg 150w, https:\/\/itsallaboutlocation.com.mx\/wp-content\/uploads\/2023\/02\/11.-Fachada-atardecer-Central-Park_-300x300.jpg 300w, https:\/\/itsallaboutlocation.com.mx\/wp-content\/uploads\/2023\/02\/11.-Fachada-atardecer-Central-Park_-1024x1024.jpg 1024w, https:\/\/itsallaboutlocation.com.mx\/wp-content\/uploads\/2023\/02\/11.-Fachada-atardecer-Central-Park_-768x768.jpg 768w, https:\/\/itsallaboutlocation.com.mx\/wp-content\/uploads\/2023\/02\/11.-Fachada-atardecer-Central-Park_-12x12.jpg 12w, https:\/\/itsallaboutlocation.com.mx\/wp-content\/uploads\/2023\/02\/11.-Fachada-atardecer-Central-Park_-210x210.jpg 210w, https:\/\/itsallaboutlocation.com.mx\/wp-content\/uploads\/2023\/02\/11.-Fachada-atardecer-Central-Park_.jpg 1361w"},{"width":150,"height":150,"file":"2023\/02\/7.-Central-Park_1_REC_ESQ_Sala_V4.jpg","filesize":230933,"sizes":{"medium":{"file":"7.-Central-Park_1_REC_ESQ_Sala_V4-300x169.jpg","width":300,"height":169,"mime-type":"image\/jpeg","filesize":11083,"url":"https:\/\/itsallaboutlocation.com.mx\/wp-content\/uploads\/2023\/02\/7.-Central-Park_1_REC_ESQ_Sala_V4-300x169.jpg"},"large":{"file":"7.-Central-Park_1_REC_ESQ_Sala_V4-1024x576.jpg","width":1024,"height":576,"mime-type":"image\/jpeg","filesize":85026,"url":"https:\/\/itsallaboutlocation.com.mx\/wp-content\/uploads\/2023\/02\/7.-Central-Park_1_REC_ESQ_Sala_V4-1024x576.jpg"},"thumbnail":{"file":"7.-Central-Park_1_REC_ESQ_Sala_V4-150x150.jpg","width":150,"height":150,"mime-type":"image\/jpeg","filesize":5235,"url":"https:\/\/itsallaboutlocation.com.mx\/wp-content\/uploads\/2023\/02\/7.-Central-Park_1_REC_ESQ_Sala_V4-150x150.jpg"},"medium_large":{"file":"7.-Central-Park_1_REC_ESQ_Sala_V4-768x432.jpg","width":768,"height":432,"mime-type":"image\/jpeg","filesize":51480,"url":"https:\/\/itsallaboutlocation.com.mx\/wp-content\/uploads\/2023\/02\/7.-Central-Park_1_REC_ESQ_Sala_V4-768x432.jpg"},"1536x1536":{"file":"7.-Central-Park_1_REC_ESQ_Sala_V4-1536x864.jpg","width":1536,"height":864,"mime-type":"image\/jpeg","filesize":168779,"url":"https:\/\/itsallaboutlocation.com.mx\/wp-content\/uploads\/2023\/02\/7.-Central-Park_1_REC_ESQ_Sala_V4-1536x864.jpg"},"trp-custom-language-flag":{"file":"7.-Central-Park_1_REC_ESQ_Sala_V4-18x10.jpg","width":18,"height":10,"mime-type":"image\/jpeg","filesize":815,"url":"https:\/\/itsallaboutlocation.com.mx\/wp-content\/uploads\/2023\/02\/7.-Central-Park_1_REC_ESQ_Sala_V4-18x10.jpg"},"post-thumbnail":{"file":"7.-Central-Park_1_REC_ESQ_Sala_V4-150x84.jpg","width":150,"height":84,"mime-type":"image\/jpeg","filesize":4022,"url":"https:\/\/itsallaboutlocation.com.mx\/wp-content\/uploads\/2023\/02\/7.-Central-Park_1_REC_ESQ_Sala_V4-150x84.jpg"},"modern-property-child-slider":{"file":"7.-Central-Park_1_REC_ESQ_Sala_V4-680x510.jpg","width":680,"height":510,"mime-type":"image\/jpeg","filesize":52425,"url":"https:\/\/itsallaboutlocation.com.mx\/wp-content\/uploads\/2023\/02\/7.-Central-Park_1_REC_ESQ_Sala_V4-680x510.jpg"},"property-thumb-image":{"file":"7.-Central-Park_1_REC_ESQ_Sala_V4-488x326.jpg","width":488,"height":326,"mime-type":"image\/jpeg","filesize":27628,"url":"https:\/\/itsallaboutlocation.com.mx\/wp-content\/uploads\/2023\/02\/7.-Central-Park_1_REC_ESQ_Sala_V4-488x326.jpg"},"property-detail-video-image":{"file":"7.-Central-Park_1_REC_ESQ_Sala_V4-818x417.jpg","width":818,"height":417,"mime-type":"image\/jpeg","filesize":52796,"url":"https:\/\/itsallaboutlocation.com.mx\/wp-content\/uploads\/2023\/02\/7.-Central-Park_1_REC_ESQ_Sala_V4-818x417.jpg"},"agent-image":{"file":"7.-Central-Park_1_REC_ESQ_Sala_V4-210x210.jpg","width":210,"height":210,"mime-type":"image\/jpeg","filesize":9121,"url":"https:\/\/itsallaboutlocation.com.mx\/wp-content\/uploads\/2023\/02\/7.-Central-Park_1_REC_ESQ_Sala_V4-210x210.jpg"},"partners-logo":{"file":"7.-Central-Park_1_REC_ESQ_Sala_V4-600x1013.jpg","width":600,"height":1013,"mime-type":"image\/jpeg","filesize":81661,"url":"https:\/\/itsallaboutlocation.com.mx\/wp-content\/uploads\/2023\/02\/7.-Central-Park_1_REC_ESQ_Sala_V4-600x1013.jpg"},"post-featured-image":{"file":"7.-Central-Park_1_REC_ESQ_Sala_V4-1240x720.jpg","width":1240,"height":720,"mime-type":"image\/jpeg","filesize":120352,"url":"https:\/\/itsallaboutlocation.com.mx\/wp-content\/uploads\/2023\/02\/7.-Central-Park_1_REC_ESQ_Sala_V4-1240x720.jpg"}},"image_meta":{"aperture":"0","credit":"","camera":"","caption":"","created_timestamp":"1669033407","copyright":"","focal_length":"0","iso":"0","shutter_speed":"0","title":"","orientation":"1","keywords":[]},"ID":"14921","name":"7.-Central-Park_1_REC_ESQ_Sala_V4.jpg","path":"\/home\/itsalla1\/public_html\/wp-content\/uploads\/2023\/02\/7.-Central-Park_1_REC_ESQ_Sala_V4.jpg","url":"https:\/\/itsallaboutlocation.com.mx\/wp-content\/uploads\/2023\/02\/7.-Central-Park_1_REC_ESQ_Sala_V4-150x150.jpg","full_url":"https:\/\/itsallaboutlocation.com.mx\/wp-content\/uploads\/2023\/02\/7.-Central-Park_1_REC_ESQ_Sala_V4.jpg","title":"7. Central Park_1_REC_ESQ_Sala_V4","caption":"","description":"","alt":"","srcset":"https:\/\/itsallaboutlocation.com.mx\/wp-content\/uploads\/2023\/02\/7.-Central-Park_1_REC_ESQ_Sala_V4-150x150.jpg 150w, https:\/\/itsallaboutlocation.com.mx\/wp-content\/uploads\/2023\/02\/7.-Central-Park_1_REC_ESQ_Sala_V4-210x210.jpg 210w"},{"width":150,"height":150,"file":"2023\/02\/13.-CP_Fotomontaje_Aereo_V3-1.jpg","filesize":544647,"sizes":{"medium":{"file":"13.-CP_Fotomontaje_Aereo_V3-1-300x210.jpg","width":300,"height":210,"mime-type":"image\/jpeg","filesize":22500,"url":"https:\/\/itsallaboutlocation.com.mx\/wp-content\/uploads\/2023\/02\/13.-CP_Fotomontaje_Aereo_V3-1-300x210.jpg"},"large":{"file":"13.-CP_Fotomontaje_Aereo_V3-1-1024x716.jpg","width":1024,"height":716,"mime-type":"image\/jpeg","filesize":196430,"url":"https:\/\/itsallaboutlocation.com.mx\/wp-content\/uploads\/2023\/02\/13.-CP_Fotomontaje_Aereo_V3-1-1024x716.jpg"},"thumbnail":{"file":"13.-CP_Fotomontaje_Aereo_V3-1-150x150.jpg","width":150,"height":150,"mime-type":"image\/jpeg","filesize":8874,"url":"https:\/\/itsallaboutlocation.com.mx\/wp-content\/uploads\/2023\/02\/13.-CP_Fotomontaje_Aereo_V3-1-150x150.jpg"},"medium_large":{"file":"13.-CP_Fotomontaje_Aereo_V3-1-768x537.jpg","width":768,"height":537,"mime-type":"image\/jpeg","filesize":118742,"url":"https:\/\/itsallaboutlocation.com.mx\/wp-content\/uploads\/2023\/02\/13.-CP_Fotomontaje_Aereo_V3-1-768x537.jpg"},"1536x1536":{"file":"13.-CP_Fotomontaje_Aereo_V3-1-1536x1074.jpg","width":1536,"height":1074,"mime-type":"image\/jpeg","filesize":388462,"url":"https:\/\/itsallaboutlocation.com.mx\/wp-content\/uploads\/2023\/02\/13.-CP_Fotomontaje_Aereo_V3-1-1536x1074.jpg"},"trp-custom-language-flag":{"file":"13.-CP_Fotomontaje_Aereo_V3-1-18x12.jpg","width":18,"height":12,"mime-type":"image\/jpeg","filesize":839,"url":"https:\/\/itsallaboutlocation.com.mx\/wp-content\/uploads\/2023\/02\/13.-CP_Fotomontaje_Aereo_V3-1-18x12.jpg"},"post-thumbnail":{"file":"13.-CP_Fotomontaje_Aereo_V3-1-150x105.jpg","width":150,"height":105,"mime-type":"image\/jpeg","filesize":6816,"url":"https:\/\/itsallaboutlocation.com.mx\/wp-content\/uploads\/2023\/02\/13.-CP_Fotomontaje_Aereo_V3-1-150x105.jpg"},"modern-property-child-slider":{"file":"13.-CP_Fotomontaje_Aereo_V3-1-680x510.jpg","width":680,"height":510,"mime-type":"image\/jpeg","filesize":101103,"url":"https:\/\/itsallaboutlocation.com.mx\/wp-content\/uploads\/2023\/02\/13.-CP_Fotomontaje_Aereo_V3-1-680x510.jpg"},"property-thumb-image":{"file":"13.-CP_Fotomontaje_Aereo_V3-1-488x326.jpg","width":488,"height":326,"mime-type":"image\/jpeg","filesize":51064,"url":"https:\/\/itsallaboutlocation.com.mx\/wp-content\/uploads\/2023\/02\/13.-CP_Fotomontaje_Aereo_V3-1-488x326.jpg"},"property-detail-video-image":{"file":"13.-CP_Fotomontaje_Aereo_V3-1-818x417.jpg","width":818,"height":417,"mime-type":"image\/jpeg","filesize":106208,"url":"https:\/\/itsallaboutlocation.com.mx\/wp-content\/uploads\/2023\/02\/13.-CP_Fotomontaje_Aereo_V3-1-818x417.jpg"},"agent-image":{"file":"13.-CP_Fotomontaje_Aereo_V3-1-210x210.jpg","width":210,"height":210,"mime-type":"image\/jpeg","filesize":16177,"url":"https:\/\/itsallaboutlocation.com.mx\/wp-content\/uploads\/2023\/02\/13.-CP_Fotomontaje_Aereo_V3-1-210x210.jpg"},"partners-logo":{"file":"13.-CP_Fotomontaje_Aereo_V3-1-600x1276.jpg","width":600,"height":1276,"mime-type":"image\/jpeg","filesize":190406,"url":"https:\/\/itsallaboutlocation.com.mx\/wp-content\/uploads\/2023\/02\/13.-CP_Fotomontaje_Aereo_V3-1-600x1276.jpg"},"post-featured-image":{"file":"13.-CP_Fotomontaje_Aereo_V3-1-1240x720.jpg","width":1240,"height":720,"mime-type":"image\/jpeg","filesize":236718,"url":"https:\/\/itsallaboutlocation.com.mx\/wp-content\/uploads\/2023\/02\/13.-CP_Fotomontaje_Aereo_V3-1-1240x720.jpg"}},"image_meta":{"aperture":"0","credit":"","camera":"","caption":"","created_timestamp":"1664719250","copyright":"","focal_length":"0","iso":"0","shutter_speed":"0","title":"","orientation":"1","keywords":[]},"ID":"14927","name":"13.-CP_Fotomontaje_Aereo_V3-1.jpg","path":"\/home\/itsalla1\/public_html\/wp-content\/uploads\/2023\/02\/13.-CP_Fotomontaje_Aereo_V3-1.jpg","url":"https:\/\/itsallaboutlocation.com.mx\/wp-content\/uploads\/2023\/02\/13.-CP_Fotomontaje_Aereo_V3-1-150x150.jpg","full_url":"https:\/\/itsallaboutlocation.com.mx\/wp-content\/uploads\/2023\/02\/13.-CP_Fotomontaje_Aereo_V3-1.jpg","title":"13.- CP_Fotomontaje_Aereo_V3 (1)","caption":"","description":"","alt":"","srcset":"https:\/\/itsallaboutlocation.com.mx\/wp-content\/uploads\/2023\/02\/13.-CP_Fotomontaje_Aereo_V3-1-150x150.jpg 150w, https:\/\/itsallaboutlocation.com.mx\/wp-content\/uploads\/2023\/02\/13.-CP_Fotomontaje_Aereo_V3-1-210x210.jpg 210w"},{"width":150,"height":150,"file":"2023\/02\/8.-sala-1-rec-Central-Park_1_REC_ESQ_Seccion_V4.jpg","filesize":204219,"sizes":{"medium":{"file":"8.-sala-1-rec-Central-Park_1_REC_ESQ_Seccion_V4-300x169.jpg","width":300,"height":169,"mime-type":"image\/jpeg","filesize":10697,"url":"https:\/\/itsallaboutlocation.com.mx\/wp-content\/uploads\/2023\/02\/8.-sala-1-rec-Central-Park_1_REC_ESQ_Seccion_V4-300x169.jpg"},"large":{"file":"8.-sala-1-rec-Central-Park_1_REC_ESQ_Seccion_V4-1024x576.jpg","width":1024,"height":576,"mime-type":"image\/jpeg","filesize":79464,"url":"https:\/\/itsallaboutlocation.com.mx\/wp-content\/uploads\/2023\/02\/8.-sala-1-rec-Central-Park_1_REC_ESQ_Seccion_V4-1024x576.jpg"},"thumbnail":{"file":"8.-sala-1-rec-Central-Park_1_REC_ESQ_Seccion_V4-150x150.jpg","width":150,"height":150,"mime-type":"image\/jpeg","filesize":5522,"url":"https:\/\/itsallaboutlocation.com.mx\/wp-content\/uploads\/2023\/02\/8.-sala-1-rec-Central-Park_1_REC_ESQ_Seccion_V4-150x150.jpg"},"medium_large":{"file":"8.-sala-1-rec-Central-Park_1_REC_ESQ_Seccion_V4-768x432.jpg","width":768,"height":432,"mime-type":"image\/jpeg","filesize":48812,"url":"https:\/\/itsallaboutlocation.com.mx\/wp-content\/uploads\/2023\/02\/8.-sala-1-rec-Central-Park_1_REC_ESQ_Seccion_V4-768x432.jpg"},"1536x1536":{"file":"8.-sala-1-rec-Central-Park_1_REC_ESQ_Seccion_V4-1536x864.jpg","width":1536,"height":864,"mime-type":"image\/jpeg","filesize":153331,"url":"https:\/\/itsallaboutlocation.com.mx\/wp-content\/uploads\/2023\/02\/8.-sala-1-rec-Central-Park_1_REC_ESQ_Seccion_V4-1536x864.jpg"},"trp-custom-language-flag":{"file":"8.-sala-1-rec-Central-Park_1_REC_ESQ_Seccion_V4-18x10.jpg","width":18,"height":10,"mime-type":"image\/jpeg","filesize":804,"url":"https:\/\/itsallaboutlocation.com.mx\/wp-content\/uploads\/2023\/02\/8.-sala-1-rec-Central-Park_1_REC_ESQ_Seccion_V4-18x10.jpg"},"post-thumbnail":{"file":"8.-sala-1-rec-Central-Park_1_REC_ESQ_Seccion_V4-150x84.jpg","width":150,"height":84,"mime-type":"image\/jpeg","filesize":3925,"url":"https:\/\/itsallaboutlocation.com.mx\/wp-content\/uploads\/2023\/02\/8.-sala-1-rec-Central-Park_1_REC_ESQ_Seccion_V4-150x84.jpg"},"modern-property-child-slider":{"file":"8.-sala-1-rec-Central-Park_1_REC_ESQ_Seccion_V4-680x510.jpg","width":680,"height":510,"mime-type":"image\/jpeg","filesize":48368,"url":"https:\/\/itsallaboutlocation.com.mx\/wp-content\/uploads\/2023\/02\/8.-sala-1-rec-Central-Park_1_REC_ESQ_Seccion_V4-680x510.jpg"},"property-thumb-image":{"file":"8.-sala-1-rec-Central-Park_1_REC_ESQ_Seccion_V4-488x326.jpg","width":488,"height":326,"mime-type":"image\/jpeg","filesize":25921,"url":"https:\/\/itsallaboutlocation.com.mx\/wp-content\/uploads\/2023\/02\/8.-sala-1-rec-Central-Park_1_REC_ESQ_Seccion_V4-488x326.jpg"},"property-detail-video-image":{"file":"8.-sala-1-rec-Central-Park_1_REC_ESQ_Seccion_V4-818x417.jpg","width":818,"height":417,"mime-type":"image\/jpeg","filesize":52072,"url":"https:\/\/itsallaboutlocation.com.mx\/wp-content\/uploads\/2023\/02\/8.-sala-1-rec-Central-Park_1_REC_ESQ_Seccion_V4-818x417.jpg"},"agent-image":{"file":"8.-sala-1-rec-Central-Park_1_REC_ESQ_Seccion_V4-210x210.jpg","width":210,"height":210,"mime-type":"image\/jpeg","filesize":9048,"url":"https:\/\/itsallaboutlocation.com.mx\/wp-content\/uploads\/2023\/02\/8.-sala-1-rec-Central-Park_1_REC_ESQ_Seccion_V4-210x210.jpg"},"partners-logo":{"file":"8.-sala-1-rec-Central-Park_1_REC_ESQ_Seccion_V4-600x1013.jpg","width":600,"height":1013,"mime-type":"image\/jpeg","filesize":73163,"url":"https:\/\/itsallaboutlocation.com.mx\/wp-content\/uploads\/2023\/02\/8.-sala-1-rec-Central-Park_1_REC_ESQ_Seccion_V4-600x1013.jpg"},"post-featured-image":{"file":"8.-sala-1-rec-Central-Park_1_REC_ESQ_Seccion_V4-1240x720.jpg","width":1240,"height":720,"mime-type":"image\/jpeg","filesize":109753,"url":"https:\/\/itsallaboutlocation.com.mx\/wp-content\/uploads\/2023\/02\/8.-sala-1-rec-Central-Park_1_REC_ESQ_Seccion_V4-1240x720.jpg"}},"image_meta":{"aperture":"0","credit":"","camera":"","caption":"","created_timestamp":"1669054855","copyright":"","focal_length":"0","iso":"0","shutter_speed":"0","title":"","orientation":"1","keywords":[]},"ID":"14922","name":"8.-sala-1-rec-Central-Park_1_REC_ESQ_Seccion_V4.jpg","path":"\/home\/itsalla1\/public_html\/wp-content\/uploads\/2023\/02\/8.-sala-1-rec-Central-Park_1_REC_ESQ_Seccion_V4.jpg","url":"https:\/\/itsallaboutlocation.com.mx\/wp-content\/uploads\/2023\/02\/8.-sala-1-rec-Central-Park_1_REC_ESQ_Seccion_V4-150x150.jpg","full_url":"https:\/\/itsallaboutlocation.com.mx\/wp-content\/uploads\/2023\/02\/8.-sala-1-rec-Central-Park_1_REC_ESQ_Seccion_V4.jpg","title":"8. sala 1 rec Central Park_1_REC_ESQ_Seccion_V4","caption":"","description":"","alt":"","srcset":"https:\/\/itsallaboutlocation.com.mx\/wp-content\/uploads\/2023\/02\/8.-sala-1-rec-Central-Park_1_REC_ESQ_Seccion_V4-150x150.jpg 150w, https:\/\/itsallaboutlocation.com.mx\/wp-content\/uploads\/2023\/02\/8.-sala-1-rec-Central-Park_1_REC_ESQ_Seccion_V4-210x210.jpg 210w"},{"width":150,"height":150,"file":"2023\/02\/9.-CUARTO-1-REC-Central-Park_1_REC_RP_V4.jpg","filesize":216014,"sizes":{"medium":{"file":"9.-CUARTO-1-REC-Central-Park_1_REC_RP_V4-300x169.jpg","width":300,"height":169,"mime-type":"image\/jpeg","filesize":10618,"url":"https:\/\/itsallaboutlocation.com.mx\/wp-content\/uploads\/2023\/02\/9.-CUARTO-1-REC-Central-Park_1_REC_RP_V4-300x169.jpg"},"large":{"file":"9.-CUARTO-1-REC-Central-Park_1_REC_RP_V4-1024x576.jpg","width":1024,"height":576,"mime-type":"image\/jpeg","filesize":80056,"url":"https:\/\/itsallaboutlocation.com.mx\/wp-content\/uploads\/2023\/02\/9.-CUARTO-1-REC-Central-Park_1_REC_RP_V4-1024x576.jpg"},"thumbnail":{"file":"9.-CUARTO-1-REC-Central-Park_1_REC_RP_V4-150x150.jpg","width":150,"height":150,"mime-type":"image\/jpeg","filesize":4849,"url":"https:\/\/itsallaboutlocation.com.mx\/wp-content\/uploads\/2023\/02\/9.-CUARTO-1-REC-Central-Park_1_REC_RP_V4-150x150.jpg"},"medium_large":{"file":"9.-CUARTO-1-REC-Central-Park_1_REC_RP_V4-768x432.jpg","width":768,"height":432,"mime-type":"image\/jpeg","filesize":48928,"url":"https:\/\/itsallaboutlocation.com.mx\/wp-content\/uploads\/2023\/02\/9.-CUARTO-1-REC-Central-Park_1_REC_RP_V4-768x432.jpg"},"1536x1536":{"file":"9.-CUARTO-1-REC-Central-Park_1_REC_RP_V4-1536x864.jpg","width":1536,"height":864,"mime-type":"image\/jpeg","filesize":158170,"url":"https:\/\/itsallaboutlocation.com.mx\/wp-content\/uploads\/2023\/02\/9.-CUARTO-1-REC-Central-Park_1_REC_RP_V4-1536x864.jpg"},"trp-custom-language-flag":{"file":"9.-CUARTO-1-REC-Central-Park_1_REC_RP_V4-18x10.jpg","width":18,"height":10,"mime-type":"image\/jpeg","filesize":792,"url":"https:\/\/itsallaboutlocation.com.mx\/wp-content\/uploads\/2023\/02\/9.-CUARTO-1-REC-Central-Park_1_REC_RP_V4-18x10.jpg"},"post-thumbnail":{"file":"9.-CUARTO-1-REC-Central-Park_1_REC_RP_V4-150x84.jpg","width":150,"height":84,"mime-type":"image\/jpeg","filesize":3643,"url":"https:\/\/itsallaboutlocation.com.mx\/wp-content\/uploads\/2023\/02\/9.-CUARTO-1-REC-Central-Park_1_REC_RP_V4-150x84.jpg"},"modern-property-child-slider":{"file":"9.-CUARTO-1-REC-Central-Park_1_REC_RP_V4-680x510.jpg","width":680,"height":510,"mime-type":"image\/jpeg","filesize":47666,"url":"https:\/\/itsallaboutlocation.com.mx\/wp-content\/uploads\/2023\/02\/9.-CUARTO-1-REC-Central-Park_1_REC_RP_V4-680x510.jpg"},"property-thumb-image":{"file":"9.-CUARTO-1-REC-Central-Park_1_REC_RP_V4-488x326.jpg","width":488,"height":326,"mime-type":"image\/jpeg","filesize":26270,"url":"https:\/\/itsallaboutlocation.com.mx\/wp-content\/uploads\/2023\/02\/9.-CUARTO-1-REC-Central-Park_1_REC_RP_V4-488x326.jpg"},"property-detail-video-image":{"file":"9.-CUARTO-1-REC-Central-Park_1_REC_RP_V4-818x417.jpg","width":818,"height":417,"mime-type":"image\/jpeg","filesize":49844,"url":"https:\/\/itsallaboutlocation.com.mx\/wp-content\/uploads\/2023\/02\/9.-CUARTO-1-REC-Central-Park_1_REC_RP_V4-818x417.jpg"},"agent-image":{"file":"9.-CUARTO-1-REC-Central-Park_1_REC_RP_V4-210x210.jpg","width":210,"height":210,"mime-type":"image\/jpeg","filesize":8482,"url":"https:\/\/itsallaboutlocation.com.mx\/wp-content\/uploads\/2023\/02\/9.-CUARTO-1-REC-Central-Park_1_REC_RP_V4-210x210.jpg"},"partners-logo":{"file":"9.-CUARTO-1-REC-Central-Park_1_REC_RP_V4-600x1013.jpg","width":600,"height":1013,"mime-type":"image\/jpeg","filesize":73860,"url":"https:\/\/itsallaboutlocation.com.mx\/wp-content\/uploads\/2023\/02\/9.-CUARTO-1-REC-Central-Park_1_REC_RP_V4-600x1013.jpg"},"post-featured-image":{"file":"9.-CUARTO-1-REC-Central-Park_1_REC_RP_V4-1240x720.jpg","width":1240,"height":720,"mime-type":"image\/jpeg","filesize":114155,"url":"https:\/\/itsallaboutlocation.com.mx\/wp-content\/uploads\/2023\/02\/9.-CUARTO-1-REC-Central-Park_1_REC_RP_V4-1240x720.jpg"}},"image_meta":{"aperture":"0","credit":"","camera":"","caption":"","created_timestamp":"1669038114","copyright":"","focal_length":"0","iso":"0","shutter_speed":"0","title":"","orientation":"1","keywords":[]},"ID":"14923","name":"9.-CUARTO-1-REC-Central-Park_1_REC_RP_V4.jpg","path":"\/home\/itsalla1\/public_html\/wp-content\/uploads\/2023\/02\/9.-CUARTO-1-REC-Central-Park_1_REC_RP_V4.jpg","url":"https:\/\/itsallaboutlocation.com.mx\/wp-content\/uploads\/2023\/02\/9.-CUARTO-1-REC-Central-Park_1_REC_RP_V4-150x150.jpg","full_url":"https:\/\/itsallaboutlocation.com.mx\/wp-content\/uploads\/2023\/02\/9.-CUARTO-1-REC-Central-Park_1_REC_RP_V4.jpg","title":"9. CUARTO 1 REC Central Park_1_REC_RP_V4","caption":"","description":"","alt":"","srcset":"https:\/\/itsallaboutlocation.com.mx\/wp-content\/uploads\/2023\/02\/9.-CUARTO-1-REC-Central-Park_1_REC_RP_V4-150x150.jpg 150w, https:\/\/itsallaboutlocation.com.mx\/wp-content\/uploads\/2023\/02\/9.-CUARTO-1-REC-Central-Park_1_REC_RP_V4-210x210.jpg 210w"},{"width":150,"height":150,"file":"2023\/02\/10.-Bano-Central-Park_Bano_V2.jpg","filesize":276268,"sizes":{"medium":{"file":"10.-Bano-Central-Park_Bano_V2-300x231.jpg","width":300,"height":231,"mime-type":"image\/jpeg","filesize":11865,"url":"https:\/\/itsallaboutlocation.com.mx\/wp-content\/uploads\/2023\/02\/10.-Bano-Central-Park_Bano_V2-300x231.jpg"},"large":{"file":"10.-Bano-Central-Park_Bano_V2-1024x788.jpg","width":1024,"height":788,"mime-type":"image\/jpeg","filesize":96313,"url":"https:\/\/itsallaboutlocation.com.mx\/wp-content\/uploads\/2023\/02\/10.-Bano-Central-Park_Bano_V2-1024x788.jpg"},"thumbnail":{"file":"10.-Bano-Central-Park_Bano_V2-150x150.jpg","width":150,"height":150,"mime-type":"image\/jpeg","filesize":4966,"url":"https:\/\/itsallaboutlocation.com.mx\/wp-content\/uploads\/2023\/02\/10.-Bano-Central-Park_Bano_V2-150x150.jpg"},"medium_large":{"file":"10.-Bano-Central-Park_Bano_V2-768x591.jpg","width":768,"height":591,"mime-type":"image\/jpeg","filesize":57955,"url":"https:\/\/itsallaboutlocation.com.mx\/wp-content\/uploads\/2023\/02\/10.-Bano-Central-Park_Bano_V2-768x591.jpg"},"1536x1536":{"file":"10.-Bano-Central-Park_Bano_V2-1536x1182.jpg","width":1536,"height":1182,"mime-type":"image\/jpeg","filesize":195722,"url":"https:\/\/itsallaboutlocation.com.mx\/wp-content\/uploads\/2023\/02\/10.-Bano-Central-Park_Bano_V2-1536x1182.jpg"},"trp-custom-language-flag":{"file":"10.-Bano-Central-Park_Bano_V2-16x12.jpg","width":16,"height":12,"mime-type":"image\/jpeg","filesize":772,"url":"https:\/\/itsallaboutlocation.com.mx\/wp-content\/uploads\/2023\/02\/10.-Bano-Central-Park_Bano_V2-16x12.jpg"},"post-thumbnail":{"file":"10.-Bano-Central-Park_Bano_V2-150x115.jpg","width":150,"height":115,"mime-type":"image\/jpeg","filesize":4143,"url":"https:\/\/itsallaboutlocation.com.mx\/wp-content\/uploads\/2023\/02\/10.-Bano-Central-Park_Bano_V2-150x115.jpg"},"modern-property-child-slider":{"file":"10.-Bano-Central-Park_Bano_V2-680x510.jpg","width":680,"height":510,"mime-type":"image\/jpeg","filesize":46769,"url":"https:\/\/itsallaboutlocation.com.mx\/wp-content\/uploads\/2023\/02\/10.-Bano-Central-Park_Bano_V2-680x510.jpg"},"property-thumb-image":{"file":"10.-Bano-Central-Park_Bano_V2-488x326.jpg","width":488,"height":326,"mime-type":"image\/jpeg","filesize":23761,"url":"https:\/\/itsallaboutlocation.com.mx\/wp-content\/uploads\/2023\/02\/10.-Bano-Central-Park_Bano_V2-488x326.jpg"},"property-detail-video-image":{"file":"10.-Bano-Central-Park_Bano_V2-818x417.jpg","width":818,"height":417,"mime-type":"image\/jpeg","filesize":47676,"url":"https:\/\/itsallaboutlocation.com.mx\/wp-content\/uploads\/2023\/02\/10.-Bano-Central-Park_Bano_V2-818x417.jpg"},"agent-image":{"file":"10.-Bano-Central-Park_Bano_V2-210x210.jpg","width":210,"height":210,"mime-type":"image\/jpeg","filesize":8216,"url":"https:\/\/itsallaboutlocation.com.mx\/wp-content\/uploads\/2023\/02\/10.-Bano-Central-Park_Bano_V2-210x210.jpg"},"partners-logo":{"file":"10.-Bano-Central-Park_Bano_V2-600x1385.jpg","width":600,"height":1385,"mime-type":"image\/jpeg","filesize":93570,"url":"https:\/\/itsallaboutlocation.com.mx\/wp-content\/uploads\/2023\/02\/10.-Bano-Central-Park_Bano_V2-600x1385.jpg"},"post-featured-image":{"file":"10.-Bano-Central-Park_Bano_V2-1240x720.jpg","width":1240,"height":720,"mime-type":"image\/jpeg","filesize":105970,"url":"https:\/\/itsallaboutlocation.com.mx\/wp-content\/uploads\/2023\/02\/10.-Bano-Central-Park_Bano_V2-1240x720.jpg"}},"image_meta":{"aperture":"0","credit":"","camera":"","caption":"","created_timestamp":"1666201634","copyright":"","focal_length":"0","iso":"0","shutter_speed":"0","title":"","orientation":"1","keywords":[]},"ID":"14924","name":"10.-Bano-Central-Park_Bano_V2.jpg","path":"\/home\/itsalla1\/public_html\/wp-content\/uploads\/2023\/02\/10.-Bano-Central-Park_Bano_V2.jpg","url":"https:\/\/itsallaboutlocation.com.mx\/wp-content\/uploads\/2023\/02\/10.-Bano-Central-Park_Bano_V2-150x150.jpg","full_url":"https:\/\/itsallaboutlocation.com.mx\/wp-content\/uploads\/2023\/02\/10.-Bano-Central-Park_Bano_V2.jpg","title":"10. Ba\u00f1o Central Park_Bano_V2","caption":"","description":"","alt":"","srcset":"https:\/\/itsallaboutlocation.com.mx\/wp-content\/uploads\/2023\/02\/10.-Bano-Central-Park_Bano_V2-150x150.jpg 150w, https:\/\/itsallaboutlocation.com.mx\/wp-content\/uploads\/2023\/02\/10.-Bano-Central-Park_Bano_V2-210x210.jpg 210w"},{"width":150,"height":150,"file":"2023\/02\/12.-Central_Park_Alberca_RoofTOP_DIA.jpg","filesize":193291,"sizes":{"medium":{"file":"12.-Central_Park_Alberca_RoofTOP_DIA-300x169.jpg","width":300,"height":169,"mime-type":"image\/jpeg","filesize":11333,"url":"https:\/\/itsallaboutlocation.com.mx\/wp-content\/uploads\/2023\/02\/12.-Central_Park_Alberca_RoofTOP_DIA-300x169.jpg"},"large":{"file":"12.-Central_Park_Alberca_RoofTOP_DIA-1024x576.jpg","width":1024,"height":576,"mime-type":"image\/jpeg","filesize":78083,"url":"https:\/\/itsallaboutlocation.com.mx\/wp-content\/uploads\/2023\/02\/12.-Central_Park_Alberca_RoofTOP_DIA-1024x576.jpg"},"thumbnail":{"file":"12.-Central_Park_Alberca_RoofTOP_DIA-150x150.jpg","width":150,"height":150,"mime-type":"image\/jpeg","filesize":5404,"url":"https:\/\/itsallaboutlocation.com.mx\/wp-content\/uploads\/2023\/02\/12.-Central_Park_Alberca_RoofTOP_DIA-150x150.jpg"},"medium_large":{"file":"12.-Central_Park_Alberca_RoofTOP_DIA-768x432.jpg","width":768,"height":432,"mime-type":"image\/jpeg","filesize":49342,"url":"https:\/\/itsallaboutlocation.com.mx\/wp-content\/uploads\/2023\/02\/12.-Central_Park_Alberca_RoofTOP_DIA-768x432.jpg"},"1536x1536":{"file":"12.-Central_Park_Alberca_RoofTOP_DIA-1536x864.jpg","width":1536,"height":864,"mime-type":"image\/jpeg","filesize":148510,"url":"https:\/\/itsallaboutlocation.com.mx\/wp-content\/uploads\/2023\/02\/12.-Central_Park_Alberca_RoofTOP_DIA-1536x864.jpg"},"trp-custom-language-flag":{"file":"12.-Central_Park_Alberca_RoofTOP_DIA-18x10.jpg","width":18,"height":10,"mime-type":"image\/jpeg","filesize":826,"url":"https:\/\/itsallaboutlocation.com.mx\/wp-content\/uploads\/2023\/02\/12.-Central_Park_Alberca_RoofTOP_DIA-18x10.jpg"},"post-thumbnail":{"file":"12.-Central_Park_Alberca_RoofTOP_DIA-150x84.jpg","width":150,"height":84,"mime-type":"image\/jpeg","filesize":4106,"url":"https:\/\/itsallaboutlocation.com.mx\/wp-content\/uploads\/2023\/02\/12.-Central_Park_Alberca_RoofTOP_DIA-150x84.jpg"},"modern-property-child-slider":{"file":"12.-Central_Park_Alberca_RoofTOP_DIA-680x510.jpg","width":680,"height":510,"mime-type":"image\/jpeg","filesize":46351,"url":"https:\/\/itsallaboutlocation.com.mx\/wp-content\/uploads\/2023\/02\/12.-Central_Park_Alberca_RoofTOP_DIA-680x510.jpg"},"property-thumb-image":{"file":"12.-Central_Park_Alberca_RoofTOP_DIA-488x326.jpg","width":488,"height":326,"mime-type":"image\/jpeg","filesize":25677,"url":"https:\/\/itsallaboutlocation.com.mx\/wp-content\/uploads\/2023\/02\/12.-Central_Park_Alberca_RoofTOP_DIA-488x326.jpg"},"property-detail-video-image":{"file":"12.-Central_Park_Alberca_RoofTOP_DIA-818x417.jpg","width":818,"height":417,"mime-type":"image\/jpeg","filesize":52694,"url":"https:\/\/itsallaboutlocation.com.mx\/wp-content\/uploads\/2023\/02\/12.-Central_Park_Alberca_RoofTOP_DIA-818x417.jpg"},"agent-image":{"file":"12.-Central_Park_Alberca_RoofTOP_DIA-210x210.jpg","width":210,"height":210,"mime-type":"image\/jpeg","filesize":8970,"url":"https:\/\/itsallaboutlocation.com.mx\/wp-content\/uploads\/2023\/02\/12.-Central_Park_Alberca_RoofTOP_DIA-210x210.jpg"},"partners-logo":{"file":"12.-Central_Park_Alberca_RoofTOP_DIA-600x1013.jpg","width":600,"height":1013,"mime-type":"image\/jpeg","filesize":61400,"url":"https:\/\/itsallaboutlocation.com.mx\/wp-content\/uploads\/2023\/02\/12.-Central_Park_Alberca_RoofTOP_DIA-600x1013.jpg"},"post-featured-image":{"file":"12.-Central_Park_Alberca_RoofTOP_DIA-1240x720.jpg","width":1240,"height":720,"mime-type":"image\/jpeg","filesize":107557,"url":"https:\/\/itsallaboutlocation.com.mx\/wp-content\/uploads\/2023\/02\/12.-Central_Park_Alberca_RoofTOP_DIA-1240x720.jpg"}},"image_meta":{"aperture":"0","credit":"","camera":"","caption":"","created_timestamp":"1668733948","copyright":"","focal_length":"0","iso":"0","shutter_speed":"0","title":"","orientation":"1","keywords":[]},"ID":"14926","name":"12.-Central_Park_Alberca_RoofTOP_DIA.jpg","path":"\/home\/itsalla1\/public_html\/wp-content\/uploads\/2023\/02\/12.-Central_Park_Alberca_RoofTOP_DIA.jpg","url":"https:\/\/itsallaboutlocation.com.mx\/wp-content\/uploads\/2023\/02\/12.-Central_Park_Alberca_RoofTOP_DIA-150x150.jpg","full_url":"https:\/\/itsallaboutlocation.com.mx\/wp-content\/uploads\/2023\/02\/12.-Central_Park_Alberca_RoofTOP_DIA.jpg","title":"12. - Central_Park_Alberca_RoofTOP_DIA","caption":"","description":"","alt":"","srcset":"https:\/\/itsallaboutlocation.com.mx\/wp-content\/uploads\/2023\/02\/12.-Central_Park_Alberca_RoofTOP_DIA-150x150.jpg 150w, https:\/\/itsallaboutlocation.com.mx\/wp-content\/uploads\/2023\/02\/12.-Central_Park_Alberca_RoofTOP_DIA-210x210.jpg 210w"},{"width":150,"height":150,"file":"2023\/02\/2.-Central-Park_Lobby_v2.jpg","filesize":167896,"sizes":{"medium":{"file":"2.-Central-Park_Lobby_v2-300x169.jpg","width":300,"height":169,"mime-type":"image\/jpeg","filesize":11160,"url":"https:\/\/itsallaboutlocation.com.mx\/wp-content\/uploads\/2023\/02\/2.-Central-Park_Lobby_v2-300x169.jpg"},"large":{"file":"2.-Central-Park_Lobby_v2-1024x576.jpg","width":1024,"height":576,"mime-type":"image\/jpeg","filesize":92532,"url":"https:\/\/itsallaboutlocation.com.mx\/wp-content\/uploads\/2023\/02\/2.-Central-Park_Lobby_v2-1024x576.jpg"},"thumbnail":{"file":"2.-Central-Park_Lobby_v2-150x150.jpg","width":150,"height":150,"mime-type":"image\/jpeg","filesize":5896,"url":"https:\/\/itsallaboutlocation.com.mx\/wp-content\/uploads\/2023\/02\/2.-Central-Park_Lobby_v2-150x150.jpg"},"medium_large":{"file":"2.-Central-Park_Lobby_v2-768x432.jpg","width":768,"height":432,"mime-type":"image\/jpeg","filesize":56660,"url":"https:\/\/itsallaboutlocation.com.mx\/wp-content\/uploads\/2023\/02\/2.-Central-Park_Lobby_v2-768x432.jpg"},"trp-custom-language-flag":{"file":"2.-Central-Park_Lobby_v2-18x10.jpg","width":18,"height":10,"mime-type":"image\/jpeg","filesize":817,"url":"https:\/\/itsallaboutlocation.com.mx\/wp-content\/uploads\/2023\/02\/2.-Central-Park_Lobby_v2-18x10.jpg"},"post-thumbnail":{"file":"2.-Central-Park_Lobby_v2-150x84.jpg","width":150,"height":84,"mime-type":"image\/jpeg","filesize":3846,"url":"https:\/\/itsallaboutlocation.com.mx\/wp-content\/uploads\/2023\/02\/2.-Central-Park_Lobby_v2-150x84.jpg"},"modern-property-child-slider":{"file":"2.-Central-Park_Lobby_v2-680x510.jpg","width":680,"height":510,"mime-type":"image\/jpeg","filesize":57640,"url":"https:\/\/itsallaboutlocation.com.mx\/wp-content\/uploads\/2023\/02\/2.-Central-Park_Lobby_v2-680x510.jpg"},"property-thumb-image":{"file":"2.-Central-Park_Lobby_v2-488x326.jpg","width":488,"height":326,"mime-type":"image\/jpeg","filesize":29745,"url":"https:\/\/itsallaboutlocation.com.mx\/wp-content\/uploads\/2023\/02\/2.-Central-Park_Lobby_v2-488x326.jpg"},"property-detail-video-image":{"file":"2.-Central-Park_Lobby_v2-818x417.jpg","width":818,"height":417,"mime-type":"image\/jpeg","filesize":58939,"url":"https:\/\/itsallaboutlocation.com.mx\/wp-content\/uploads\/2023\/02\/2.-Central-Park_Lobby_v2-818x417.jpg"},"agent-image":{"file":"2.-Central-Park_Lobby_v2-210x210.jpg","width":210,"height":210,"mime-type":"image\/jpeg","filesize":10376,"url":"https:\/\/itsallaboutlocation.com.mx\/wp-content\/uploads\/2023\/02\/2.-Central-Park_Lobby_v2-210x210.jpg"},"partners-logo":{"file":"2.-Central-Park_Lobby_v2-600x788.jpg","width":600,"height":788,"mime-type":"image\/jpeg","filesize":77927,"url":"https:\/\/itsallaboutlocation.com.mx\/wp-content\/uploads\/2023\/02\/2.-Central-Park_Lobby_v2-600x788.jpg"},"post-featured-image":{"file":"2.-Central-Park_Lobby_v2-1240x720.jpg","width":1240,"height":720,"mime-type":"image\/jpeg","filesize":134072,"url":"https:\/\/itsallaboutlocation.com.mx\/wp-content\/uploads\/2023\/02\/2.-Central-Park_Lobby_v2-1240x720.jpg"}},"image_meta":{"aperture":"0","credit":"","camera":"","caption":"","created_timestamp":"1666179151","copyright":"","focal_length":"0","iso":"0","shutter_speed":"0","title":"","orientation":"1","keywords":[]},"ID":"14929","name":"2.-Central-Park_Lobby_v2.jpg","path":"\/home\/itsalla1\/public_html\/wp-content\/uploads\/2023\/02\/2.-Central-Park_Lobby_v2.jpg","url":"https:\/\/itsallaboutlocation.com.mx\/wp-content\/uploads\/2023\/02\/2.-Central-Park_Lobby_v2-150x150.jpg","full_url":"https:\/\/itsallaboutlocation.com.mx\/wp-content\/uploads\/2023\/02\/2.-Central-Park_Lobby_v2.jpg","title":"2. Central Park_Lobby_v2","caption":"","description":"","alt":"","srcset":"https:\/\/itsallaboutlocation.com.mx\/wp-content\/uploads\/2023\/02\/2.-Central-Park_Lobby_v2-150x150.jpg 150w, https:\/\/itsallaboutlocation.com.mx\/wp-content\/uploads\/2023\/02\/2.-Central-Park_Lobby_v2-210x210.jpg 210w"},{"width":150,"height":150,"file":"2023\/02\/3.-sala-estudio-Central-Park_.jpg","filesize":113055,"sizes":{"medium":{"file":"3.-sala-estudio-Central-Park_-300x169.jpg","width":300,"height":169,"mime-type":"image\/jpeg","filesize":9233,"url":"https:\/\/itsallaboutlocation.com.mx\/wp-content\/uploads\/2023\/02\/3.-sala-estudio-Central-Park_-300x169.jpg"},"large":{"file":"3.-sala-estudio-Central-Park_-1024x576.jpg","width":1024,"height":576,"mime-type":"image\/jpeg","filesize":64929,"url":"https:\/\/itsallaboutlocation.com.mx\/wp-content\/uploads\/2023\/02\/3.-sala-estudio-Central-Park_-1024x576.jpg"},"thumbnail":{"file":"3.-sala-estudio-Central-Park_-150x150.jpg","width":150,"height":150,"mime-type":"image\/jpeg","filesize":4607,"url":"https:\/\/itsallaboutlocation.com.mx\/wp-content\/uploads\/2023\/02\/3.-sala-estudio-Central-Park_-150x150.jpg"},"medium_large":{"file":"3.-sala-estudio-Central-Park_-768x432.jpg","width":768,"height":432,"mime-type":"image\/jpeg","filesize":40120,"url":"https:\/\/itsallaboutlocation.com.mx\/wp-content\/uploads\/2023\/02\/3.-sala-estudio-Central-Park_-768x432.jpg"},"trp-custom-language-flag":{"file":"3.-sala-estudio-Central-Park_-18x10.jpg","width":18,"height":10,"mime-type":"image\/jpeg","filesize":790,"url":"https:\/\/itsallaboutlocation.com.mx\/wp-content\/uploads\/2023\/02\/3.-sala-estudio-Central-Park_-18x10.jpg"},"post-thumbnail":{"file":"3.-sala-estudio-Central-Park_-150x84.jpg","width":150,"height":84,"mime-type":"image\/jpeg","filesize":3454,"url":"https:\/\/itsallaboutlocation.com.mx\/wp-content\/uploads\/2023\/02\/3.-sala-estudio-Central-Park_-150x84.jpg"},"modern-property-child-slider":{"file":"3.-sala-estudio-Central-Park_-680x510.jpg","width":680,"height":510,"mime-type":"image\/jpeg","filesize":41445,"url":"https:\/\/itsallaboutlocation.com.mx\/wp-content\/uploads\/2023\/02\/3.-sala-estudio-Central-Park_-680x510.jpg"},"property-thumb-image":{"file":"3.-sala-estudio-Central-Park_-488x326.jpg","width":488,"height":326,"mime-type":"image\/jpeg","filesize":22699,"url":"https:\/\/itsallaboutlocation.com.mx\/wp-content\/uploads\/2023\/02\/3.-sala-estudio-Central-Park_-488x326.jpg"},"property-detail-video-image":{"file":"3.-sala-estudio-Central-Park_-818x417.jpg","width":818,"height":417,"mime-type":"image\/jpeg","filesize":41501,"url":"https:\/\/itsallaboutlocation.com.mx\/wp-content\/uploads\/2023\/02\/3.-sala-estudio-Central-Park_-818x417.jpg"},"agent-image":{"file":"3.-sala-estudio-Central-Park_-210x210.jpg","width":210,"height":210,"mime-type":"image\/jpeg","filesize":7632,"url":"https:\/\/itsallaboutlocation.com.mx\/wp-content\/uploads\/2023\/02\/3.-sala-estudio-Central-Park_-210x210.jpg"},"partners-logo":{"file":"3.-sala-estudio-Central-Park_-600x788.jpg","width":600,"height":788,"mime-type":"image\/jpeg","filesize":50242,"url":"https:\/\/itsallaboutlocation.com.mx\/wp-content\/uploads\/2023\/02\/3.-sala-estudio-Central-Park_-600x788.jpg"},"post-featured-image":{"file":"3.-sala-estudio-Central-Park_-1240x720.jpg","width":1240,"height":720,"mime-type":"image\/jpeg","filesize":91550,"url":"https:\/\/itsallaboutlocation.com.mx\/wp-content\/uploads\/2023\/02\/3.-sala-estudio-Central-Park_-1240x720.jpg"}},"image_meta":{"aperture":"0","credit":"","camera":"","caption":"","created_timestamp":"1669069641","copyright":"","focal_length":"0","iso":"0","shutter_speed":"0","title":"","orientation":"1","keywords":[]},"ID":"14930","name":"3.-sala-estudio-Central-Park_.jpg","path":"\/home\/itsalla1\/public_html\/wp-content\/uploads\/2023\/02\/3.-sala-estudio-Central-Park_.jpg","url":"https:\/\/itsallaboutlocation.com.mx\/wp-content\/uploads\/2023\/02\/3.-sala-estudio-Central-Park_-150x150.jpg","full_url":"https:\/\/itsallaboutlocation.com.mx\/wp-content\/uploads\/2023\/02\/3.-sala-estudio-Central-Park_.jpg","title":"3. sala estudio Central Park_","caption":"","description":"","alt":"","srcset":"https:\/\/itsallaboutlocation.com.mx\/wp-content\/uploads\/2023\/02\/3.-sala-estudio-Central-Park_-150x150.jpg 150w, https:\/\/itsallaboutlocation.com.mx\/wp-content\/uploads\/2023\/02\/3.-sala-estudio-Central-Park_-210x210.jpg 210w"},{"width":150,"height":150,"file":"2023\/02\/3.1-Central-Park_Estudio_Seccion_V4.jpg","filesize":221755,"sizes":{"medium":{"file":"3.1-Central-Park_Estudio_Seccion_V4-300x169.jpg","width":300,"height":169,"mime-type":"image\/jpeg","filesize":10317,"url":"https:\/\/itsallaboutlocation.com.mx\/wp-content\/uploads\/2023\/02\/3.1-Central-Park_Estudio_Seccion_V4-300x169.jpg"},"large":{"file":"3.1-Central-Park_Estudio_Seccion_V4-1024x576.jpg","width":1024,"height":576,"mime-type":"image\/jpeg","filesize":79621,"url":"https:\/\/itsallaboutlocation.com.mx\/wp-content\/uploads\/2023\/02\/3.1-Central-Park_Estudio_Seccion_V4-1024x576.jpg"},"thumbnail":{"file":"3.1-Central-Park_Estudio_Seccion_V4-150x150.jpg","width":150,"height":150,"mime-type":"image\/jpeg","filesize":4921,"url":"https:\/\/itsallaboutlocation.com.mx\/wp-content\/uploads\/2023\/02\/3.1-Central-Park_Estudio_Seccion_V4-150x150.jpg"},"medium_large":{"file":"3.1-Central-Park_Estudio_Seccion_V4-768x432.jpg","width":768,"height":432,"mime-type":"image\/jpeg","filesize":47819,"url":"https:\/\/itsallaboutlocation.com.mx\/wp-content\/uploads\/2023\/02\/3.1-Central-Park_Estudio_Seccion_V4-768x432.jpg"},"1536x1536":{"file":"3.1-Central-Park_Estudio_Seccion_V4-1536x864.jpg","width":1536,"height":864,"mime-type":"image\/jpeg","filesize":159993,"url":"https:\/\/itsallaboutlocation.com.mx\/wp-content\/uploads\/2023\/02\/3.1-Central-Park_Estudio_Seccion_V4-1536x864.jpg"},"trp-custom-language-flag":{"file":"3.1-Central-Park_Estudio_Seccion_V4-18x10.jpg","width":18,"height":10,"mime-type":"image\/jpeg","filesize":807,"url":"https:\/\/itsallaboutlocation.com.mx\/wp-content\/uploads\/2023\/02\/3.1-Central-Park_Estudio_Seccion_V4-18x10.jpg"},"post-thumbnail":{"file":"3.1-Central-Park_Estudio_Seccion_V4-150x84.jpg","width":150,"height":84,"mime-type":"image\/jpeg","filesize":3706,"url":"https:\/\/itsallaboutlocation.com.mx\/wp-content\/uploads\/2023\/02\/3.1-Central-Park_Estudio_Seccion_V4-150x84.jpg"},"modern-property-child-slider":{"file":"3.1-Central-Park_Estudio_Seccion_V4-680x510.jpg","width":680,"height":510,"mime-type":"image\/jpeg","filesize":46235,"url":"https:\/\/itsallaboutlocation.com.mx\/wp-content\/uploads\/2023\/02\/3.1-Central-Park_Estudio_Seccion_V4-680x510.jpg"},"property-thumb-image":{"file":"3.1-Central-Park_Estudio_Seccion_V4-488x326.jpg","width":488,"height":326,"mime-type":"image\/jpeg","filesize":24823,"url":"https:\/\/itsallaboutlocation.com.mx\/wp-content\/uploads\/2023\/02\/3.1-Central-Park_Estudio_Seccion_V4-488x326.jpg"},"property-detail-video-image":{"file":"3.1-Central-Park_Estudio_Seccion_V4-818x417.jpg","width":818,"height":417,"mime-type":"image\/jpeg","filesize":50789,"url":"https:\/\/itsallaboutlocation.com.mx\/wp-content\/uploads\/2023\/02\/3.1-Central-Park_Estudio_Seccion_V4-818x417.jpg"},"agent-image":{"file":"3.1-Central-Park_Estudio_Seccion_V4-210x210.jpg","width":210,"height":210,"mime-type":"image\/jpeg","filesize":8100,"url":"https:\/\/itsallaboutlocation.com.mx\/wp-content\/uploads\/2023\/02\/3.1-Central-Park_Estudio_Seccion_V4-210x210.jpg"},"partners-logo":{"file":"3.1-Central-Park_Estudio_Seccion_V4-600x1013.jpg","width":600,"height":1013,"mime-type":"image\/jpeg","filesize":77632,"url":"https:\/\/itsallaboutlocation.com.mx\/wp-content\/uploads\/2023\/02\/3.1-Central-Park_Estudio_Seccion_V4-600x1013.jpg"},"post-featured-image":{"file":"3.1-Central-Park_Estudio_Seccion_V4-1240x720.jpg","width":1240,"height":720,"mime-type":"image\/jpeg","filesize":113444,"url":"https:\/\/itsallaboutlocation.com.mx\/wp-content\/uploads\/2023\/02\/3.1-Central-Park_Estudio_Seccion_V4-1240x720.jpg"}},"image_meta":{"aperture":"0","credit":"","camera":"","caption":"","created_timestamp":"1669073037","copyright":"","focal_length":"0","iso":"0","shutter_speed":"0","title":"","orientation":"1","keywords":[]},"ID":"14931","name":"3.1-Central-Park_Estudio_Seccion_V4.jpg","path":"\/home\/itsalla1\/public_html\/wp-content\/uploads\/2023\/02\/3.1-Central-Park_Estudio_Seccion_V4.jpg","url":"https:\/\/itsallaboutlocation.com.mx\/wp-content\/uploads\/2023\/02\/3.1-Central-Park_Estudio_Seccion_V4-150x150.jpg","full_url":"https:\/\/itsallaboutlocation.com.mx\/wp-content\/uploads\/2023\/02\/3.1-Central-Park_Estudio_Seccion_V4.jpg","title":"3.1 Central Park_Estudio_Seccion_V4","caption":"","description":"","alt":"","srcset":"https:\/\/itsallaboutlocation.com.mx\/wp-content\/uploads\/2023\/02\/3.1-Central-Park_Estudio_Seccion_V4-150x150.jpg 150w, https:\/\/itsallaboutlocation.com.mx\/wp-content\/uploads\/2023\/02\/3.1-Central-Park_Estudio_Seccion_V4-210x210.jpg 210w"},{"width":150,"height":150,"file":"2023\/02\/4.-Central-Park_Estudio_Cocina_V4.jpg","filesize":171835,"sizes":{"medium":{"file":"4.-Central-Park_Estudio_Cocina_V4-300x169.jpg","width":300,"height":169,"mime-type":"image\/jpeg","filesize":8772,"url":"https:\/\/itsallaboutlocation.com.mx\/wp-content\/uploads\/2023\/02\/4.-Central-Park_Estudio_Cocina_V4-300x169.jpg"},"large":{"file":"4.-Central-Park_Estudio_Cocina_V4-1024x576.jpg","width":1024,"height":576,"mime-type":"image\/jpeg","filesize":63326,"url":"https:\/\/itsallaboutlocation.com.mx\/wp-content\/uploads\/2023\/02\/4.-Central-Park_Estudio_Cocina_V4-1024x576.jpg"},"thumbnail":{"file":"4.-Central-Park_Estudio_Cocina_V4-150x150.jpg","width":150,"height":150,"mime-type":"image\/jpeg","filesize":5032,"url":"https:\/\/itsallaboutlocation.com.mx\/wp-content\/uploads\/2023\/02\/4.-Central-Park_Estudio_Cocina_V4-150x150.jpg"},"medium_large":{"file":"4.-Central-Park_Estudio_Cocina_V4-768x432.jpg","width":768,"height":432,"mime-type":"image\/jpeg","filesize":38919,"url":"https:\/\/itsallaboutlocation.com.mx\/wp-content\/uploads\/2023\/02\/4.-Central-Park_Estudio_Cocina_V4-768x432.jpg"},"1536x1536":{"file":"4.-Central-Park_Estudio_Cocina_V4-1536x864.jpg","width":1536,"height":864,"mime-type":"image\/jpeg","filesize":126361,"url":"https:\/\/itsallaboutlocation.com.mx\/wp-content\/uploads\/2023\/02\/4.-Central-Park_Estudio_Cocina_V4-1536x864.jpg"},"trp-custom-language-flag":{"file":"4.-Central-Park_Estudio_Cocina_V4-18x10.jpg","width":18,"height":10,"mime-type":"image\/jpeg","filesize":792,"url":"https:\/\/itsallaboutlocation.com.mx\/wp-content\/uploads\/2023\/02\/4.-Central-Park_Estudio_Cocina_V4-18x10.jpg"},"post-thumbnail":{"file":"4.-Central-Park_Estudio_Cocina_V4-150x84.jpg","width":150,"height":84,"mime-type":"image\/jpeg","filesize":3293,"url":"https:\/\/itsallaboutlocation.com.mx\/wp-content\/uploads\/2023\/02\/4.-Central-Park_Estudio_Cocina_V4-150x84.jpg"},"modern-property-child-slider":{"file":"4.-Central-Park_Estudio_Cocina_V4-680x510.jpg","width":680,"height":510,"mime-type":"image\/jpeg","filesize":42186,"url":"https:\/\/itsallaboutlocation.com.mx\/wp-content\/uploads\/2023\/02\/4.-Central-Park_Estudio_Cocina_V4-680x510.jpg"},"property-thumb-image":{"file":"4.-Central-Park_Estudio_Cocina_V4-488x326.jpg","width":488,"height":326,"mime-type":"image\/jpeg","filesize":21862,"url":"https:\/\/itsallaboutlocation.com.mx\/wp-content\/uploads\/2023\/02\/4.-Central-Park_Estudio_Cocina_V4-488x326.jpg"},"property-detail-video-image":{"file":"4.-Central-Park_Estudio_Cocina_V4-818x417.jpg","width":818,"height":417,"mime-type":"image\/jpeg","filesize":41353,"url":"https:\/\/itsallaboutlocation.com.mx\/wp-content\/uploads\/2023\/02\/4.-Central-Park_Estudio_Cocina_V4-818x417.jpg"},"agent-image":{"file":"4.-Central-Park_Estudio_Cocina_V4-210x210.jpg","width":210,"height":210,"mime-type":"image\/jpeg","filesize":8309,"url":"https:\/\/itsallaboutlocation.com.mx\/wp-content\/uploads\/2023\/02\/4.-Central-Park_Estudio_Cocina_V4-210x210.jpg"},"partners-logo":{"file":"4.-Central-Park_Estudio_Cocina_V4-600x1013.jpg","width":600,"height":1013,"mime-type":"image\/jpeg","filesize":66165,"url":"https:\/\/itsallaboutlocation.com.mx\/wp-content\/uploads\/2023\/02\/4.-Central-Park_Estudio_Cocina_V4-600x1013.jpg"},"post-featured-image":{"file":"4.-Central-Park_Estudio_Cocina_V4-1240x720.jpg","width":1240,"height":720,"mime-type":"image\/jpeg","filesize":90771,"url":"https:\/\/itsallaboutlocation.com.mx\/wp-content\/uploads\/2023\/02\/4.-Central-Park_Estudio_Cocina_V4-1240x720.jpg"}},"image_meta":{"aperture":"0","credit":"","camera":"","caption":"","created_timestamp":"1666131990","copyright":"","focal_length":"0","iso":"0","shutter_speed":"0","title":"","orientation":"1","keywords":[]},"ID":"14932","name":"4.-Central-Park_Estudio_Cocina_V4.jpg","path":"\/home\/itsalla1\/public_html\/wp-content\/uploads\/2023\/02\/4.-Central-Park_Estudio_Cocina_V4.jpg","url":"https:\/\/itsallaboutlocation.com.mx\/wp-content\/uploads\/2023\/02\/4.-Central-Park_Estudio_Cocina_V4-150x150.jpg","full_url":"https:\/\/itsallaboutlocation.com.mx\/wp-content\/uploads\/2023\/02\/4.-Central-Park_Estudio_Cocina_V4.jpg","title":"4. Central Park_Estudio_Cocina_V4","caption":"","description":"","alt":"","srcset":"https:\/\/itsallaboutlocation.com.mx\/wp-content\/uploads\/2023\/02\/4.-Central-Park_Estudio_Cocina_V4-150x150.jpg 150w, https:\/\/itsallaboutlocation.com.mx\/wp-content\/uploads\/2023\/02\/4.-Central-Park_Estudio_Cocina_V4-210x210.jpg 210w"},{"width":150,"height":150,"file":"2023\/02\/5.-Central-Park_Bano_op2_V2.jpg","filesize":151469,"sizes":{"medium":{"file":"5.-Central-Park_Bano_op2_V2-225x300.jpg","width":225,"height":300,"mime-type":"image\/jpeg","filesize":9892,"url":"https:\/\/itsallaboutlocation.com.mx\/wp-content\/uploads\/2023\/02\/5.-Central-Park_Bano_op2_V2-225x300.jpg"},"large":{"file":"5.-Central-Park_Bano_op2_V2-768x1024.jpg","width":768,"height":1024,"mime-type":"image\/jpeg","filesize":71126,"url":"https:\/\/itsallaboutlocation.com.mx\/wp-content\/uploads\/2023\/02\/5.-Central-Park_Bano_op2_V2-768x1024.jpg"},"thumbnail":{"file":"5.-Central-Park_Bano_op2_V2-150x150.jpg","width":150,"height":150,"mime-type":"image\/jpeg","filesize":4536,"url":"https:\/\/itsallaboutlocation.com.mx\/wp-content\/uploads\/2023\/02\/5.-Central-Park_Bano_op2_V2-150x150.jpg"},"medium_large":{"file":"5.-Central-Park_Bano_op2_V2-768x1024.jpg","width":768,"height":1024,"mime-type":"image\/jpeg","filesize":71126,"url":"https:\/\/itsallaboutlocation.com.mx\/wp-content\/uploads\/2023\/02\/5.-Central-Park_Bano_op2_V2-768x1024.jpg"},"1536x1536":{"file":"5.-Central-Park_Bano_op2_V2-1152x1536.jpg","width":1152,"height":1536,"mime-type":"image\/jpeg","filesize":141634,"url":"https:\/\/itsallaboutlocation.com.mx\/wp-content\/uploads\/2023\/02\/5.-Central-Park_Bano_op2_V2-1152x1536.jpg"},"trp-custom-language-flag":{"file":"5.-Central-Park_Bano_op2_V2-9x12.jpg","width":9,"height":12,"mime-type":"image\/jpeg","filesize":747,"url":"https:\/\/itsallaboutlocation.com.mx\/wp-content\/uploads\/2023\/02\/5.-Central-Park_Bano_op2_V2-9x12.jpg"},"post-thumbnail":{"file":"5.-Central-Park_Bano_op2_V2-112x150.jpg","width":112,"height":150,"mime-type":"image\/jpeg","filesize":3669,"url":"https:\/\/itsallaboutlocation.com.mx\/wp-content\/uploads\/2023\/02\/5.-Central-Park_Bano_op2_V2-112x150.jpg"},"modern-property-child-slider":{"file":"5.-Central-Park_Bano_op2_V2-680x510.jpg","width":680,"height":510,"mime-type":"image\/jpeg","filesize":38720,"url":"https:\/\/itsallaboutlocation.com.mx\/wp-content\/uploads\/2023\/02\/5.-Central-Park_Bano_op2_V2-680x510.jpg"},"property-thumb-image":{"file":"5.-Central-Park_Bano_op2_V2-488x326.jpg","width":488,"height":326,"mime-type":"image\/jpeg","filesize":20547,"url":"https:\/\/itsallaboutlocation.com.mx\/wp-content\/uploads\/2023\/02\/5.-Central-Park_Bano_op2_V2-488x326.jpg"},"property-detail-video-image":{"file":"5.-Central-Park_Bano_op2_V2-818x417.jpg","width":818,"height":417,"mime-type":"image\/jpeg","filesize":40640,"url":"https:\/\/itsallaboutlocation.com.mx\/wp-content\/uploads\/2023\/02\/5.-Central-Park_Bano_op2_V2-818x417.jpg"},"agent-image":{"file":"5.-Central-Park_Bano_op2_V2-210x210.jpg","width":210,"height":210,"mime-type":"image\/jpeg","filesize":7441,"url":"https:\/\/itsallaboutlocation.com.mx\/wp-content\/uploads\/2023\/02\/5.-Central-Park_Bano_op2_V2-210x210.jpg"},"partners-logo":{"file":"5.-Central-Park_Bano_op2_V2-600x1575.jpg","width":600,"height":1575,"mime-type":"image\/jpeg","filesize":82491,"url":"https:\/\/itsallaboutlocation.com.mx\/wp-content\/uploads\/2023\/02\/5.-Central-Park_Bano_op2_V2-600x1575.jpg"},"post-featured-image":{"file":"5.-Central-Park_Bano_op2_V2-1181x720.jpg","width":1181,"height":720,"mime-type":"image\/jpeg","filesize":93025,"url":"https:\/\/itsallaboutlocation.com.mx\/wp-content\/uploads\/2023\/02\/5.-Central-Park_Bano_op2_V2-1181x720.jpg"}},"image_meta":{"aperture":"0","credit":"","camera":"","caption":"","created_timestamp":"1666261008","copyright":"","focal_length":"0","iso":"0","shutter_speed":"0","title":"","orientation":"1","keywords":[]},"ID":"14933","name":"5.-Central-Park_Bano_op2_V2.jpg","path":"\/home\/itsalla1\/public_html\/wp-content\/uploads\/2023\/02\/5.-Central-Park_Bano_op2_V2.jpg","url":"https:\/\/itsallaboutlocation.com.mx\/wp-content\/uploads\/2023\/02\/5.-Central-Park_Bano_op2_V2-150x150.jpg","full_url":"https:\/\/itsallaboutlocation.com.mx\/wp-content\/uploads\/2023\/02\/5.-Central-Park_Bano_op2_V2.jpg","title":"5. Central Park_Bano_op2_V2","caption":"","description":"","alt":"","srcset":"https:\/\/itsallaboutlocation.com.mx\/wp-content\/uploads\/2023\/02\/5.-Central-Park_Bano_op2_V2-150x150.jpg 150w, https:\/\/itsallaboutlocation.com.mx\/wp-content\/uploads\/2023\/02\/5.-Central-Park_Bano_op2_V2-210x210.jpg 210w"},{"width":150,"height":150,"file":"2023\/02\/6.-Central-Park_1_REC_ESQ_Entrada_Cocina_V4.jpg","filesize":184331,"sizes":{"medium":{"file":"6.-Central-Park_1_REC_ESQ_Entrada_Cocina_V4-300x169.jpg","width":300,"height":169,"mime-type":"image\/jpeg","filesize":9695,"url":"https:\/\/itsallaboutlocation.com.mx\/wp-content\/uploads\/2023\/02\/6.-Central-Park_1_REC_ESQ_Entrada_Cocina_V4-300x169.jpg"},"large":{"file":"6.-Central-Park_1_REC_ESQ_Entrada_Cocina_V4-1024x576.jpg","width":1024,"height":576,"mime-type":"image\/jpeg","filesize":69649,"url":"https:\/\/itsallaboutlocation.com.mx\/wp-content\/uploads\/2023\/02\/6.-Central-Park_1_REC_ESQ_Entrada_Cocina_V4-1024x576.jpg"},"thumbnail":{"file":"6.-Central-Park_1_REC_ESQ_Entrada_Cocina_V4-150x150.jpg","width":150,"height":150,"mime-type":"image\/jpeg","filesize":5288,"url":"https:\/\/itsallaboutlocation.com.mx\/wp-content\/uploads\/2023\/02\/6.-Central-Park_1_REC_ESQ_Entrada_Cocina_V4-150x150.jpg"},"medium_large":{"file":"6.-Central-Park_1_REC_ESQ_Entrada_Cocina_V4-768x432.jpg","width":768,"height":432,"mime-type":"image\/jpeg","filesize":42599,"url":"https:\/\/itsallaboutlocation.com.mx\/wp-content\/uploads\/2023\/02\/6.-Central-Park_1_REC_ESQ_Entrada_Cocina_V4-768x432.jpg"},"1536x1536":{"file":"6.-Central-Park_1_REC_ESQ_Entrada_Cocina_V4-1536x864.jpg","width":1536,"height":864,"mime-type":"image\/jpeg","filesize":137111,"url":"https:\/\/itsallaboutlocation.com.mx\/wp-content\/uploads\/2023\/02\/6.-Central-Park_1_REC_ESQ_Entrada_Cocina_V4-1536x864.jpg"},"trp-custom-language-flag":{"file":"6.-Central-Park_1_REC_ESQ_Entrada_Cocina_V4-18x10.jpg","width":18,"height":10,"mime-type":"image\/jpeg","filesize":799,"url":"https:\/\/itsallaboutlocation.com.mx\/wp-content\/uploads\/2023\/02\/6.-Central-Park_1_REC_ESQ_Entrada_Cocina_V4-18x10.jpg"},"post-thumbnail":{"file":"6.-Central-Park_1_REC_ESQ_Entrada_Cocina_V4-150x84.jpg","width":150,"height":84,"mime-type":"image\/jpeg","filesize":3526,"url":"https:\/\/itsallaboutlocation.com.mx\/wp-content\/uploads\/2023\/02\/6.-Central-Park_1_REC_ESQ_Entrada_Cocina_V4-150x84.jpg"},"modern-property-child-slider":{"file":"6.-Central-Park_1_REC_ESQ_Entrada_Cocina_V4-680x510.jpg","width":680,"height":510,"mime-type":"image\/jpeg","filesize":44609,"url":"https:\/\/itsallaboutlocation.com.mx\/wp-content\/uploads\/2023\/02\/6.-Central-Park_1_REC_ESQ_Entrada_Cocina_V4-680x510.jpg"},"property-thumb-image":{"file":"6.-Central-Park_1_REC_ESQ_Entrada_Cocina_V4-488x326.jpg","width":488,"height":326,"mime-type":"image\/jpeg","filesize":23811,"url":"https:\/\/itsallaboutlocation.com.mx\/wp-content\/uploads\/2023\/02\/6.-Central-Park_1_REC_ESQ_Entrada_Cocina_V4-488x326.jpg"},"property-detail-video-image":{"file":"6.-Central-Park_1_REC_ESQ_Entrada_Cocina_V4-818x417.jpg","width":818,"height":417,"mime-type":"image\/jpeg","filesize":46634,"url":"https:\/\/itsallaboutlocation.com.mx\/wp-content\/uploads\/2023\/02\/6.-Central-Park_1_REC_ESQ_Entrada_Cocina_V4-818x417.jpg"},"agent-image":{"file":"6.-Central-Park_1_REC_ESQ_Entrada_Cocina_V4-210x210.jpg","width":210,"height":210,"mime-type":"image\/jpeg","filesize":8942,"url":"https:\/\/itsallaboutlocation.com.mx\/wp-content\/uploads\/2023\/02\/6.-Central-Park_1_REC_ESQ_Entrada_Cocina_V4-210x210.jpg"},"partners-logo":{"file":"6.-Central-Park_1_REC_ESQ_Entrada_Cocina_V4-600x1013.jpg","width":600,"height":1013,"mime-type":"image\/jpeg","filesize":81256,"url":"https:\/\/itsallaboutlocation.com.mx\/wp-content\/uploads\/2023\/02\/6.-Central-Park_1_REC_ESQ_Entrada_Cocina_V4-600x1013.jpg"},"post-featured-image":{"file":"6.-Central-Park_1_REC_ESQ_Entrada_Cocina_V4-1240x720.jpg","width":1240,"height":720,"mime-type":"image\/jpeg","filesize":98521,"url":"https:\/\/itsallaboutlocation.com.mx\/wp-content\/uploads\/2023\/02\/6.-Central-Park_1_REC_ESQ_Entrada_Cocina_V4-1240x720.jpg"}},"image_meta":{"aperture":"0","credit":"","camera":"","caption":"","created_timestamp":"1669057066","copyright":"","focal_length":"0","iso":"0","shutter_speed":"0","title":"","orientation":"1","keywords":[]},"ID":"14934","name":"6.-Central-Park_1_REC_ESQ_Entrada_Cocina_V4.jpg","path":"\/home\/itsalla1\/public_html\/wp-content\/uploads\/2023\/02\/6.-Central-Park_1_REC_ESQ_Entrada_Cocina_V4.jpg","url":"https:\/\/itsallaboutlocation.com.mx\/wp-content\/uploads\/2023\/02\/6.-Central-Park_1_REC_ESQ_Entrada_Cocina_V4-150x150.jpg","full_url":"https:\/\/itsallaboutlocation.com.mx\/wp-content\/uploads\/2023\/02\/6.-Central-Park_1_REC_ESQ_Entrada_Cocina_V4.jpg","title":"6. Central Park_1_REC_ESQ_Entrada_Cocina_V4","caption":"","description":"","alt":"","srcset":"https:\/\/itsallaboutlocation.com.mx\/wp-content\/uploads\/2023\/02\/6.-Central-Park_1_REC_ESQ_Entrada_Cocina_V4-150x150.jpg 150w, https:\/\/itsallaboutlocation.com.mx\/wp-content\/uploads\/2023\/02\/6.-Central-Park_1_REC_ESQ_Entrada_Cocina_V4-210x210.jpg 210w"}],"REAL_HOMES_change_gallery_slider_type":"0","REAL_HOMES_gallery_slider_type":"thumb-on-right","inspiry_floor_plans":[{"inspiry_floor_plan_name":"STUDIO ","inspiry_floor_plan_descr":"bedroom\r\nbathroom\r\nkitchen\/dining room\r\ndormitorio\r\nba\u00f1o\r\ncocina\/comedor","inspiry_floor_plan_price":"185000","inspiry_floor_plan_price_postfix":"USD","inspiry_floor_plan_size":"48.71","inspiry_floor_plan_size_postfix":"MTS","inspiry_floor_plan_bedrooms":"1","inspiry_floor_plan_bathrooms":"1","inspiry_floor_plan_image":"https:\/\/itsallaboutlocation.com.mx\/wp-content\/uploads\/2023\/02\/ESTUDIO-.jpg"},{"inspiry_floor_plan_name":"1 BDR","inspiry_floor_plan_descr":"1bedroom\r\n1bathroom\r\nkitchen\/dining room\r\nHall\r\n\r\ndormitorio\r\nba\u00f1o\r\ncocina\/comedor\r\nsala","inspiry_floor_plan_price":"205000","inspiry_floor_plan_price_postfix":"USD","inspiry_floor_plan_size":"54.58","inspiry_floor_plan_size_postfix":"MTS","inspiry_floor_plan_bedrooms":"1","inspiry_floor_plan_bathrooms":"1","inspiry_floor_plan_image":"https:\/\/itsallaboutlocation.com.mx\/wp-content\/uploads\/2023\/02\/1-RECAMARA.jpg"}],"inspiry_video_group":[],"REAL_HOMES_360_virtual_tour":"","REAL_HOMES_agent_display_option":"none","REAL_HOMES_agents":[],"REAL_HOMES_energy_class":"none","REAL_HOMES_energy_performance":"","REAL_HOMES_epc_current_rating":"","REAL_HOMES_epc_potential_rating":"","ere_property_schedule_tour":"global","ere_property_schedule_time_slots":"","ere_property_schedule_description":"","REAL_HOMES_sticky":"0","inspiry_property_label":"","inspiry_property_label_color":"","inspiry_property_tax":"0","inspiry_additional_fee":"0","REAL_HOMES_attachments":[],"inspiry_property_owner_name":"","inspiry_property_owner_contact":"","inspiry_property_owner_address":"","REAL_HOMES_property_private_note":"","inspiry_message_to_reviewer":"","REAL_HOMES_add_in_slider":"no","REAL_HOMES_slider_image":[],"REAL_HOMES_page_banner_image":[],"REAL_HOMES_hide_property_advance_search":"0","REAL_HOMES_custom_header_display":"default","REAL_HOMES_custom_header_position":"relative","REAL_HOMES_custom_footer_display":"default","REAL_HOMES_hide_advance_search":"0","REAL_HOMES_custom_search_form":"default","REAL_HOMES_search_form_margin_top":"","REAL_HOMES_search_form_margin_bottom":""},"_links":{"self":[{"href":"https:\/\/itsallaboutlocation.com.mx\/en_en\/wp-json\/wp\/v2\/properties\/14917","targetHints":{"allow":["GET"]}}],"collection":[{"href":"https:\/\/itsallaboutlocation.com.mx\/en_en\/wp-json\/wp\/v2\/properties"}],"about":[{"href":"https:\/\/itsallaboutlocation.com.mx\/en_en\/wp-json\/wp\/v2\/types\/property"}],"author":[{"embeddable":true,"href":"https:\/\/itsallaboutlocation.com.mx\/en_en\/wp-json\/wp\/v2\/users\/2"}],"replies":[{"embeddable":true,"href":"https:\/\/itsallaboutlocation.com.mx\/en_en\/wp-json\/wp\/v2\/comments?post=14917"}],"version-history":[{"count":2,"href":"https:\/\/itsallaboutlocation.com.mx\/en_en\/wp-json\/wp\/v2\/properties\/14917\/revisions"}],"predecessor-version":[{"id":18217,"href":"https:\/\/itsallaboutlocation.com.mx\/en_en\/wp-json\/wp\/v2\/properties\/14917\/revisions\/18217"}],"wp:featuredmedia":[{"embeddable":true,"href":"https:\/\/itsallaboutlocation.com.mx\/en_en\/wp-json\/wp\/v2\/media\/14928"}],"wp:attachment":[{"href":"https:\/\/itsallaboutlocation.com.mx\/en_en\/wp-json\/wp\/v2\/media?parent=14917"}],"wp:term":[{"taxonomy":"property-feature","embeddable":true,"href":"https:\/\/itsallaboutlocation.com.mx\/en_en\/wp-json\/wp\/v2\/property-features?post=14917"},{"taxonomy":"property-type","embeddable":true,"href":"https:\/\/itsallaboutlocation.com.mx\/en_en\/wp-json\/wp\/v2\/property-types?post=14917"},{"taxonomy":"property-city","embeddable":true,"href":"https:\/\/itsallaboutlocation.com.mx\/en_en\/wp-json\/wp\/v2\/property-cities?post=14917"},{"taxonomy":"property-status","embeddable":true,"href":"https:\/\/itsallaboutlocation.com.mx\/en_en\/wp-json\/wp\/v2\/property-statuses?post=14917"}],"curies":[{"name":"wp","href":"https:\/\/api.w.org\/{rel}","templated":true}]}}